{"id":3947,"date":"2024-10-02T10:51:19","date_gmt":"2024-10-02T08:51:19","guid":{"rendered":"https:\/\/www.i-sec.com\/jobs\/kaufmaennischer-sachbearbeiter-w-m-d-copy"},"modified":"2026-03-10T10:43:12","modified_gmt":"2026-03-10T09:43:12","slug":"manager-planning-capacity-w-m-d-kelsterach-frankfurt-main","status":"publish","type":"vacancy","link":"https:\/\/www.i-sec.com\/de\/jobs\/manager-planning-capacity-w-m-d-kelsterach-frankfurt-main","title":{"rendered":"Werkstudent (w\/m\/d) Legal\/Rechtsabteilung Kelsterbach"},"content":{"rendered":"<p><strong>Die I-SEC-Gruppe ist auf die Durchf\u00fchrung von Luftsicherheitsdienstleistungen weltweit spezialisiert und hat ihren Hauptsitz in Amsterdam (NL). Als gr\u00f6\u00dfte Tochtergesellschaft mit 2.600 Mitarbeitern, deckt die I-SEC Deutsche Luftsicherheit SE &amp; Co. KG das operative Gesch\u00e4ft an mehreren Flugh\u00e4fen in Deutschland ab. Unsere Mission ist die Gew\u00e4hrleistung der Luftsicherheit. Dabei umfasst unser Aufgabenbereich die Passagier- und Gep\u00e4ckkontrollen sowie die Absicherung der Flugh\u00e4fen.<\/strong><\/p>\n<p><strong>F\u00fcr unser Headquarter in Kelsterbach suchen wir zum n\u00e4chstm\u00f6glichen Zeitpunkt einen<\/strong><\/p>\n<h3>Werkstudent (w\/m\/d) Legal\/Rechtsabteilung<\/h3>\n<p><strong>\u00a0<\/strong><\/p>\n<h3>DAS ERWARTET DICH BEI UNS:<\/h3>\n<ul>\n<li>Verwaltung und Pflege von Vertragsakten sowie digitalen Rechtsdokumenten<\/li>\n<li>Unterst\u00fctzung der Unternehmensjurist:innen bei der Bearbeitung rechtlicher Vorg\u00e4nge und Dokumente<\/li>\n<li>Fristenkontrolle, Terminkoordination und Nachverfolgung offener Vorg\u00e4nge<\/li>\n<li>Kommunikation mit externen Kanzleien, Beh\u00f6rden und Gesch\u00e4ftspartnern<\/li>\n<li>Vorbereitung und Strukturierung von Unterlagen f\u00fcr interne Abstimmungen<\/li>\n<li>Allgemeine administrative T\u00e4tigkeiten zur Unterst\u00fctzung des Legal-Teams<\/li>\n<\/ul>\n<p>&nbsp;<\/p>\n<h3>DAMIT \u00dcBERZEUGST DU UNS:<\/h3>\n<ul>\n<li>Eingeschriebener Student (m\/w\/d) im Bereich Rechtswissenschaften, Wirtschaftsrecht oder einem vergleichbaren Studiengang<\/li>\n<li>Sorgf\u00e4ltige, strukturierte und zuverl\u00e4ssige Arbeitsweise<\/li>\n<li>Sicherer Umgang mit MS Office und ggf. Dokumentenmanagementsystemen<\/li>\n<li>Diskretion und Verantwortungsbewusstsein im Umgang mit vertraulichen Informationen<\/li>\n<li>Kommunikationsst\u00e4rke und Teamf\u00e4higkeit<\/li>\n<\/ul>\n<p>&nbsp;<\/p>\n<h3><strong>DARAUF KANNST DU DICH FREUEN:<\/strong><\/h3>\n<ul>\n<li><strong>CORPORATE BENEFITS &#8211;<\/strong> Das Vorteilsportal f\u00fcr Mitarbeitende mit attraktiven Angeboten von starken Marken<\/li>\n<li><strong>VERG\u00dcTUNG &#8211;<\/strong> Dich erwartet ein attraktiver Stundenlohn von 18 Euro<\/li>\n<li><strong>ONBOARDING &#8211;<\/strong> Wir nehmen dich an die Hand und f\u00fchren dich ins Unternehmen ein mit dem Ziel der pers\u00f6nlichen und beruflichen Weiterentwicklung<\/li>\n<li><strong>EVENTS &#8211;<\/strong> Sommerfest, Weihnachtsfeier, regelm\u00e4\u00dfige Events &#8211; sei dabei!<\/li>\n<li><strong>GETR\u00c4NKE FLAT &#8211;<\/strong> Kaffee, Tee, Kakao und Wasser oder eine warme Br\u00fche 24\/7<\/li>\n<li>Lass dich<strong> FAIRF\u00dcHREN &#8211;<\/strong> Durch eine kollegiale und teamorientierte Arbeitsatmosph\u00e4re mit flachen Hierarchien und Du-Kultur auf allen Ebenen<\/li>\n<\/ul>\n<p>&nbsp;<\/p>\n<p><strong>Klingt interessant f\u00fcr Dich?<\/strong><\/p>\n<p>Dann sende uns deine Bewerbungsunterlagen (Anschreiben, Lebenslauf, Zeugnisse als PDF) und Deine Verf\u00fcgbarkeit unter der Referenzbezeichnung: <strong>WS_HQ_0326<\/strong> per E-Mail an: <strong>bewerbung-hq@i-sec.com<\/strong><\/p>\n","protected":false},"excerpt":{"rendered":"<p>F\u00fcr unser Headquarter in Kelsterbach suchen wir zum n\u00e4chstm\u00f6glichen Zeitpunkt einen Werkstudent (w\/m\/d) Legal\/Rechtsabteilung<\/p>\n","protected":false},"featured_media":0,"template":"","meta":{"_acf_changed":false},"class_list":["post-3947","vacancy","type-vacancy","status-publish","hentry"],"acf":[],"yoast_head":"<!-- This site is optimized with the Yoast SEO plugin v26.9 - https:\/\/yoast.com\/product\/yoast-seo-wordpress\/ -->\n<title>Werkstudent (w\/m\/d) Legal\/Rechtsabteilung Kelsterbach - I-SEC<\/title>\n<meta name=\"robots\" content=\"index, follow, max-snippet:-1, max-image-preview:large, max-video-preview:-1\" \/>\n<link rel=\"canonical\" href=\"https:\/\/www.i-sec.com\/de\/jobs\/manager-planning-capacity-w-m-d-kelsterach-frankfurt-main\" \/>\n<meta property=\"og:locale\" content=\"de_DE\" \/>\n<meta property=\"og:type\" content=\"article\" \/>\n<meta property=\"og:title\" content=\"Werkstudent (w\/m\/d) Legal\/Rechtsabteilung Kelsterbach - I-SEC\" \/>\n<meta property=\"og:description\" content=\"F\u00fcr unser Headquarter in Kelsterbach suchen wir zum n\u00e4chstm\u00f6glichen Zeitpunkt einen Werkstudent (w\/m\/d) Legal\/Rechtsabteilung\" \/>\n<meta property=\"og:url\" content=\"https:\/\/www.i-sec.com\/de\/jobs\/manager-planning-capacity-w-m-d-kelsterach-frankfurt-main\" \/>\n<meta property=\"og:site_name\" content=\"I-SEC\" \/>\n<meta property=\"article:modified_time\" content=\"2026-03-10T09:43:12+00:00\" \/>\n<meta name=\"twitter:card\" content=\"summary_large_image\" \/>\n<meta name=\"twitter:label1\" content=\"Gesch\u00e4tzte Lesezeit\" \/>\n\t<meta name=\"twitter:data1\" content=\"2\u00a0Minuten\" \/>\n<script type=\"application\/ld+json\" class=\"yoast-schema-graph\">{\"@context\":\"https:\/\/schema.org\",\"@graph\":[{\"@type\":\"WebPage\",\"@id\":\"https:\/\/www.i-sec.com\/de\/jobs\/manager-planning-capacity-w-m-d-kelsterach-frankfurt-main\",\"url\":\"https:\/\/www.i-sec.com\/de\/jobs\/manager-planning-capacity-w-m-d-kelsterach-frankfurt-main\",\"name\":\"Werkstudent (w\/m\/d) Legal\/Rechtsabteilung Kelsterbach - I-SEC\",\"isPartOf\":{\"@id\":\"https:\/\/www.i-sec.com\/de#website\"},\"datePublished\":\"2024-10-02T08:51:19+00:00\",\"dateModified\":\"2026-03-10T09:43:12+00:00\",\"breadcrumb\":{\"@id\":\"https:\/\/www.i-sec.com\/de\/jobs\/manager-planning-capacity-w-m-d-kelsterach-frankfurt-main#breadcrumb\"},\"inLanguage\":\"de\",\"potentialAction\":[{\"@type\":\"ReadAction\",\"target\":[\"https:\/\/www.i-sec.com\/de\/jobs\/manager-planning-capacity-w-m-d-kelsterach-frankfurt-main\"]}]},{\"@type\":\"BreadcrumbList\",\"@id\":\"https:\/\/www.i-sec.com\/de\/jobs\/manager-planning-capacity-w-m-d-kelsterach-frankfurt-main#breadcrumb\",\"itemListElement\":[{\"@type\":\"ListItem\",\"position\":1,\"name\":\"Home\",\"item\":\"https:\/\/www.i-sec.com\/de\"},{\"@type\":\"ListItem\",\"position\":2,\"name\":\"Jobs\",\"item\":\"https:\/\/www.i-sec.com\/de\/jobs\"},{\"@type\":\"ListItem\",\"position\":3,\"name\":\"Werkstudent (w\/m\/d) Legal\/Rechtsabteilung Kelsterbach\"}]},{\"@type\":\"WebSite\",\"@id\":\"https:\/\/www.i-sec.com\/de#website\",\"url\":\"https:\/\/www.i-sec.com\/de\",\"name\":\"I-SEC\",\"description\":\"\",\"potentialAction\":[{\"@type\":\"SearchAction\",\"target\":{\"@type\":\"EntryPoint\",\"urlTemplate\":\"https:\/\/www.i-sec.com\/de?s={search_term_string}\"},\"query-input\":{\"@type\":\"PropertyValueSpecification\",\"valueRequired\":true,\"valueName\":\"search_term_string\"}}],\"inLanguage\":\"de\"}]}<\/script>\n<!-- \/ Yoast SEO plugin. -->","yoast_head_json":{"title":"Werkstudent (w\/m\/d) Legal\/Rechtsabteilung Kelsterbach - I-SEC","robots":{"index":"index","follow":"follow","max-snippet":"max-snippet:-1","max-image-preview":"max-image-preview:large","max-video-preview":"max-video-preview:-1"},"canonical":"https:\/\/www.i-sec.com\/de\/jobs\/manager-planning-capacity-w-m-d-kelsterach-frankfurt-main","og_locale":"de_DE","og_type":"article","og_title":"Werkstudent (w\/m\/d) Legal\/Rechtsabteilung Kelsterbach - I-SEC","og_description":"F\u00fcr unser Headquarter in Kelsterbach suchen wir zum n\u00e4chstm\u00f6glichen Zeitpunkt einen Werkstudent (w\/m\/d) Legal\/Rechtsabteilung","og_url":"https:\/\/www.i-sec.com\/de\/jobs\/manager-planning-capacity-w-m-d-kelsterach-frankfurt-main","og_site_name":"I-SEC","article_modified_time":"2026-03-10T09:43:12+00:00","twitter_card":"summary_large_image","twitter_misc":{"Gesch\u00e4tzte Lesezeit":"2\u00a0Minuten"},"schema":{"@context":"https:\/\/schema.org","@graph":[{"@type":"WebPage","@id":"https:\/\/www.i-sec.com\/de\/jobs\/manager-planning-capacity-w-m-d-kelsterach-frankfurt-main","url":"https:\/\/www.i-sec.com\/de\/jobs\/manager-planning-capacity-w-m-d-kelsterach-frankfurt-main","name":"Werkstudent (w\/m\/d) Legal\/Rechtsabteilung Kelsterbach - I-SEC","isPartOf":{"@id":"https:\/\/www.i-sec.com\/de#website"},"datePublished":"2024-10-02T08:51:19+00:00","dateModified":"2026-03-10T09:43:12+00:00","breadcrumb":{"@id":"https:\/\/www.i-sec.com\/de\/jobs\/manager-planning-capacity-w-m-d-kelsterach-frankfurt-main#breadcrumb"},"inLanguage":"de","potentialAction":[{"@type":"ReadAction","target":["https:\/\/www.i-sec.com\/de\/jobs\/manager-planning-capacity-w-m-d-kelsterach-frankfurt-main"]}]},{"@type":"BreadcrumbList","@id":"https:\/\/www.i-sec.com\/de\/jobs\/manager-planning-capacity-w-m-d-kelsterach-frankfurt-main#breadcrumb","itemListElement":[{"@type":"ListItem","position":1,"name":"Home","item":"https:\/\/www.i-sec.com\/de"},{"@type":"ListItem","position":2,"name":"Jobs","item":"https:\/\/www.i-sec.com\/de\/jobs"},{"@type":"ListItem","position":3,"name":"Werkstudent (w\/m\/d) Legal\/Rechtsabteilung Kelsterbach"}]},{"@type":"WebSite","@id":"https:\/\/www.i-sec.com\/de#website","url":"https:\/\/www.i-sec.com\/de","name":"I-SEC","description":"","potentialAction":[{"@type":"SearchAction","target":{"@type":"EntryPoint","urlTemplate":"https:\/\/www.i-sec.com\/de?s={search_term_string}"},"query-input":{"@type":"PropertyValueSpecification","valueRequired":true,"valueName":"search_term_string"}}],"inLanguage":"de"}]}},"_links":{"self":[{"href":"https:\/\/www.i-sec.com\/de\/wp-json\/wp\/v2\/vacancy\/3947","targetHints":{"allow":["GET"]}}],"collection":[{"href":"https:\/\/www.i-sec.com\/de\/wp-json\/wp\/v2\/vacancy"}],"about":[{"href":"https:\/\/www.i-sec.com\/de\/wp-json\/wp\/v2\/types\/vacancy"}],"wp:attachment":[{"href":"https:\/\/www.i-sec.com\/de\/wp-json\/wp\/v2\/media?parent=3947"}],"curies":[{"name":"wp","href":"https:\/\/api.w.org\/{rel}","templated":true}]}}